{"id":17,"date":"2012-02-04T08:34:50","date_gmt":"2012-02-04T19:04:50","guid":{"rendered":"http:\/\/wohnprojektbadbramstedt.wordpress.com\/?page_id=17"},"modified":"2025-10-05T13:20:34","modified_gmt":"2025-10-05T12:20:34","slug":"pressespiegel","status":"publish","type":"page","link":"https:\/\/wohnprojektbadbramstedt.de\/?page_id=17","title":{"rendered":"Pressespiegel"},"content":{"rendered":"<p><strong>Unser Projekt findet seit Anfang 2011 immer wieder eine interessierte\u00a0 Resonanz in der regionalen und \u00fcberregionalen <strong>Presse<\/strong>:<\/strong><\/p>\n<p>Am 12.10.25 fand unser Hobby- Kunst- und Handwerkmarkt statt. Der Anzeiger und die Segeberger Zeitung ver\u00f6ffentlichten unsere Ank\u00fcndigung. Auch im Veranstaltungsprogramm\u00a0 des Stadtmarketings &#8222;Zum Gl\u00fcck was los&#8220;\u00a0 wurde auf das Event hingewiesen. <a href=\"https:\/\/wohnprojektbadbramstedt.de\/wp-content\/uploads\/2025\/10\/Anzeiger-SZ-ZG-Kunsthandwerkermarkt-12.10.25.pdf\">Anzeiger SZ ZG Kunsthandwerkermarkt 12.10.25<\/a><\/p>\n<p>Unser gro\u00dfz\u00fcgies Treppenhaus, das alle vier H\u00e4user verbindet, eignet sich gut f\u00fcr Ausstellungen. Bereits zum 13. Mal findet die Ausstellung statt. Eine Hobby-K\u00fcnstlerin aus der Region, Elke K\u00f6lln-M\u00f6ckelmann, zeigt eine Auswahl an Aquarellen, erg\u00e4nzt um \u00d6l- und Acrylbilder, die alle unter das Motto&#8220;Mit den vier Jahreezeiten durch den Norden&#8220; in Verbindung stehen. <a href=\"https:\/\/wohnprojektbadbramstedt.de\/wp-content\/uploads\/2025\/07\/Treppenhausausstellung-9.25.SZpdf_.pdf\">Treppenhausausstellung<\/a><a href=\"https:\/\/wohnprojektbadbramstedt.de\/wp-content\/uploads\/2025\/07\/Treppenhausausstellung-9.25.SZpdf_.pdf\"> 9.25.SZpdf<\/a><\/p>\n<p>In den letzten Monaten konnten wir mithilfe der AktivRegion Holsteiner Auenland auf unserm Grundst\u00fcck eine Lades\u00e4ule f\u00fcr Elektroautos installieren. Insgesamt \u00fcber die F\u00f6rderm\u00f6glichkeiten und auch \u00fcber unser Projekt berichtet der Anzeiger: <a href=\"https:\/\/wohnprojektbadbramstedt.de\/wp-content\/uploads\/2023\/12\/Anzeiger-1.12.23-Neuer-Foerderaufruf-AktivRegion.pdf\">Anzeiger 1.12.23 Neuer F\u00f6rderaufruf AktivRegion<\/a><\/p>\n<p>Zu unserm 4. Hobby- Kunst- und Handwerkmarkt\u00a0 im Herbst 2023 ver\u00f6ffentlichten das Hamburger Abendblatt im Hauptteil und in der Norderstedter Zeitung sowie die Umschau eine entsprechende Ank\u00fcndigung. Besonders gefreut hat uns, dass auch das Veranstaltungsprogramm der Stadt Bad Bramstedt &#8222;Zum Gl\u00fcck was los &#8211; Kultur und Events Oktober bis Dezember 2023&#8220; auf die Veranstaltung hinwies: <a href=\"https:\/\/wohnprojektbadbramstedt.de\/wp-content\/uploads\/2023\/10\/Diverse-Zeitungen-Kunsthandwerkermarkt-am-8.10.23.pdf\">Diverse Zeitungen Kunsthandwerkermarkt am 8.10.23<\/a><\/p>\n<p>Anl\u00e4sslich des bevorstehenden 5-j\u00e4hrigen Jubil\u00e4ums unseres Wohnprojekts meldete sich im November 2022 eine Reporterin der Segeberger Zeitung, um mit uns ein Zwischenfazit zu ziehen und schrieb dar\u00fcber einen l\u00e4ngeren Artikel: <a href=\"https:\/\/wohnprojektbadbramstedt.de\/wp-content\/uploads\/2022\/11\/SZ-14.11.22-Eine-Erfolgsgeschichte-des-Miteinander-vor-fuenf-Jahren-startete-im-Haus-an-den-Auen-ein-Wohnprojekt.pdf\">SZ 14.11.22 Eine Erfolgsgeschichte des Miteinander &#8211; vor f\u00fcnf Jahren startete im Haus an den Auen ein Wohnprojekt<\/a><\/p>\n<p>Zu unserm 3. Hobby- Kunst- und Handwerkmarkt\u00a0 im Herbst 2022 ver\u00f6ffentlichte die Umschau folgende Ank\u00fcndigung: <a href=\"https:\/\/wohnprojektbadbramstedt.de\/wp-content\/uploads\/2022\/10\/Umschau-21.09.22-Einladung-zum-Markt-Hobby-Kunst-Handwerk.pdf\">Umschau 21.09.22 Einladung zum Markt Hobby Kunst Handwerk<\/a><\/p>\n<p>Nachdem wir bei der Durchf\u00fchrung eines Kunst- und Handwerkermarkts festgestellt hatten, dass sich unser Parkplatz mit den Carports sowie die \u00fcberdachten G\u00e4nge gut f\u00fcr einen Markt anbieten, f\u00fchrten wir am 14.05.22 unseren ersten Flohmarkt durch.\u00a0 Die Umschauver\u00f6ffnetlichte folgende Ank\u00fcndigung: <a href=\"https:\/\/wohnprojektbadbramstedt.de\/wp-content\/uploads\/2022\/07\/Umschau-11.05.22-HadA-laedt-am-14.-Mai-zum-Flohmarkt.pdf\">Umschau 11.05.22 HadA l\u00e4dt am 14. Mai zum Flohmarkt<\/a><\/p>\n<p>Der Umweltausschuss der Stadt Bad Bramstedt plant die Auszeichnung von naturnahen G\u00e4rten, um den B\u00fcrgern Beispiele zu geben, auch den eigenen Garten umzugestalten. Zum Auftack der Aktion besuchte eine Reporterin des Hamburger Abendblatts im Fr\u00fchjahr 2022 unsere Garten- und Parkanlage und schrieb folgenden Artikel: <a href=\"https:\/\/wohnprojektbadbramstedt.de\/wp-content\/uploads\/2022\/07\/HA-Norderstedt-25.02.2022-Praedikat-naturnaher-Garten.pdf\">HA Norderstedt 25.02.2022 Pr\u00e4dikat naturnaher Garten<\/a><\/p>\n<p>Am 2.10.21 f\u00fchrten wir unseren 2. Hobby- Kunst- und Handwerkmarkt durch, zu dem die Umschau eine kurze Ank\u00fcndigung brachte: <a href=\"https:\/\/wohnprojektbadbramstedt.de\/wp-content\/uploads\/2022\/07\/Umschau-29.09.21-Markt-fuer-Hobby-Kunst-und-handwerk.pdf\">Umschau 29.09.21 Markt f\u00fcr Hobby, Kunst und handwerk<\/a><\/p>\n<p>Auf die Ausstellung der Malgruppe der Lebenshilfe von Juni bis November 2020 in unserer &#8222;Treppenhausgalerie&#8220; hatten wir auf unserer Internetseite mit einem Beitrag hingewiesen, sie fand aber auch in der Segeberger Zeitung : <a href=\"https:\/\/wohnprojektbadbramstedt.de\/wp-content\/uploads\/2020\/12\/SZ-22.12.20-Kunst-im-Treppenhaus-Lebenshilfe-stellt-Aquarelle-ihrer-Malgruppe-aus.pdf\">SZ 22.12.20 Kunst im Treppenhaus Lebenshilfe stellt Aquarelle ihrer Malgruppe aus <\/a>und im Anzeiger <a href=\"https:\/\/wohnprojektbadbramstedt.de\/wp-content\/uploads\/2021\/01\/Anzeiger-2.01.21-Lebenshilfe-stellt-Bilder-im-Haus-an-den-Auen-aus.pdf\">Anzeiger 2.01.21 Lebenshilfe stellt Bilder im Haus an den Auen aus <\/a>eine positive Resonanz.<\/p>\n<p>Unser Hobby- Kunst- und Handwerkmarkt am 24.10.2020 schaffte es gerade noch in das Zeitfenster zwischen dem Abflauen der ersten Coronawelle und den erforderlichen neuen Einschr\u00e4nkungen ab Anfang November &#8211; und wurde ein gro\u00dfer Erfolg. Ein ausf\u00fchrlicher Artikel zu unserm Markt erschien in der <em>Umschau<\/em>: <a href=\"https:\/\/wohnprojektbadbramstedt.de\/wp-content\/uploads\/2020\/11\/Umschau-4.11.2020-Kunst-und-Handwerkermarkt-am-Haus-an-den-Auen-ein-grosser-Erfolg.pdf\">Umschau 4.11.2020 Kunst- und Handwerkermarkt am Haus an den Auen &#8211; ein gro\u00dfer Erfolg<\/a>\u00a0und auch im <em>Anzeiger<\/em>: <a href=\"https:\/\/wohnprojektbadbramstedt.de\/wp-content\/uploads\/2020\/11\/Anzeiger-21.11.20-Rund-200-Gaeste-beim-Kunsthandwerkermarkt.pdf\">Anzeiger 21.11.20 Rund 200 G\u00e4ste beim Kunsthandwerkermarkt<\/a><\/p>\n<p>Am 21. 11. 2019 versammelten sich vor unserm &#8222;Haus an den Auen&#8220; ann\u00e4hernd 100 Menschen, um \u201eStolpersteine\u201c f\u00fcr Oskar Alexander und seinen Sohn Robert Alexander zu setzen. Die <em>Segeberger Zeitung<\/em> berichtete \u00fcber diese Aktion:\u00a0 <a href=\"https:\/\/wohnprojektbadbramstedt.de\/wp-content\/uploads\/2019\/11\/SZ-22.11.2019-Stolpersteine-erinnern-an-die-Alexanders.pdf\">SZ 22.11.2019 Stolpersteine erinnern an die Alexanders\u00a0<\/a> und auch dem Hamburger Abendblatt war es einen Artikel wert: <a href=\"https:\/\/wohnprojektbadbramstedt.de\/wp-content\/uploads\/2019\/11\/HA-23.11.19-Stolperstein-f\u00fcr-Oskar-Alexander-und-seinen-Sohn.pdf\">HA 23.11.19 Stolperstein f\u00fcr Oskar Alexander und seinen Sohn<\/a>.\u00a0 Im <em>Nordexpress<\/em> war zu lesen: <a href=\"https:\/\/wohnprojektbadbramstedt.de\/wp-content\/uploads\/2019\/11\/Nordexpress-27.11.19-Stolpersteine-halten-die-Erinnerung-wach.pdf\">Nordexpress 27.11.19 Stolpersteine halten die Erinnerung wach<\/a>. Auf unserm Blog haben wir ebenfalls \u00fcber die <a href=\"https:\/\/wohnprojektbadbramstedt.de\/?p=7999\">Stolperstein-Aktion<\/a> berichtet.<\/p>\n<p>Nicht nur wir hatten einen Artikel \u00fcber unser <a href=\"https:\/\/wohnprojektbadbramstedt.de\/?p=7893\">Sommerfest<\/a> am 24.08.19 geschrieben, auch die <em>Segeberger Zeitung<\/em> ver\u00f6ffentlichte aus diesem Anlass einen gro\u00dfen Bericht mit Fotos \u00fcber die ersten eineinhalb Jahre: <a href=\"https:\/\/wohnprojektbadbramstedt.de\/wp-content\/uploads\/2019\/10\/SZ-14.10.19-Leben-in-guter-Nachbarschaft-seid-eineinhalb-Jahren-gibt-es-das-Wohnprojekt-Haus-an-den-Auen.pdf\">SZ 14.10.19 Leben in guter Nachbarschaft &#8211; seid eineinhalb Jahren gibt es das Wohnprojekt &#8218;Haus an den Auen&#8216;<\/a><\/p>\n<p>\u00dcber die im ersten Halbjahr 2019 geplante Renaturierung der Ohlau, die an unser Grundst\u00fcck grenzt, berichtete die <em>Segeberger Zeitung<\/em>: <a href=\"https:\/\/wohnprojektbadbramstedt.de\/wp-content\/uploads\/2019\/03\/SZ-15.02.19-Nat\u00fcrliches-Bett-f\u00fcr-Ohlau-und-Hudau.pdf\">SZ 15.02.19 Nat\u00fcrliches Bett f\u00fcr Ohlau und Hudau<\/a><\/p>\n<p>Da das Interesse vieler Bad Bramstedter gro\u00df war, unser Wohnprojekt einmal anzusehen, f\u00fchrten wir am 26.05.18 einen Tag der offen T\u00fcr durch, zu dem wir \u00fcber die Presse eingeladen hatten: <a href=\"https:\/\/wohnprojektbadbramstedt.de\/wp-content\/uploads\/2018\/05\/Nordexpress-23.06.18-Wohnprojekt-\u00f6ffnet-seine-T\u00fcren.pdf\">Nordexpress 23.06.18 Wohnprojekt \u00f6ffnet seine T\u00fcren<\/a><\/p>\n<p>Nach Fertigstellung des Baus luden wir Gesch\u00e4ftspartner und Unterst\u00fctzer des Projekts am 26.01.18 ein, um Ihnen das Ergebnis zu zeigen und im Gespr\u00e4ch\u00a0 zu bleiben. Die <em>Segeberger Zeitung<\/em> war auch vertreten und ver\u00f6ffentlichte folgenden Artikel: <a href=\"https:\/\/wohnprojektbadbramstedt.de\/wp-content\/uploads\/2018\/02\/SZ-30.01.18-T\u00fcr-auf-f\u00fcr-die-Gemeinschaft.pdf\">SZ 30.01.18 T\u00fcr auf f\u00fcr die Gemeinschaft<\/a><\/p>\n<p>Aus Anlass der Schl\u00fcssel\u00fcbergabe durch den Generalunternehmer erschien am 8.12.2017 ein Artikel in der Segeberger Zeitung: unter der \u00dcberschrift:<a href=\"https:\/\/wohnprojektbadbramstedt.de\/wp-content\/uploads\/2017\/12\/SZ-8.12.17-Sein-Lebenswerk-ist-vollbracht-das-neue-Haus-an-den-Auen-kann-bezogen-werden.pdf\">SZ 8.12.17 Sein Lebenswerk ist vollbracht &#8211; das neue Haus an den Auen kann bezogen werden.\u00a0<\/a>In gek\u00fcrzter Form brachten auch\u00a0 die Kieler Nachrichten diesen Artikel. Zum selben Anlass brachte das\u00a0 Stadtmagazin Bad Bramstedt einen Artikel : <a href=\"https:\/\/wohnprojektbadbramstedt.de\/wp-content\/uploads\/2017\/12\/Stadtmagazin-Bad-Bramstedt-Dez-2017-Schl\u00fcssel\u00fcbergabe-im-Wohnprojekt-\u201eHaus-an-den-Auen\u201c.pdf\">Stadtmagazin Bad Bramstedt Dez 2017 Schl\u00fcssel\u00fcbergabe im Wohnprojekt \u201eHaus-an-den-Auen\u201c<\/a><\/p>\n<p>Im Sommer 2017 war eine Redakteurin des Monatsmagazins &#8222;Lebensart&#8220;auf uns aufmerksam geworden und in der Folge erschien dann ein l\u00e4ngerer Artikel \u00fcber unser Wohnprojekt: <a href=\"https:\/\/wohnprojektbadbramstedt.de\/wp-content\/uploads\/2012\/02\/Monatsmagazin-Lebensart-Aug-2017-Der-Traum-von-anders-Wohnen.pdf\">Monatsmagazin Lebensart Aug 2017 Der Traum von anders Wohnen<\/a><\/p>\n<p>Zum Richtfest am 2.05.17 hatten wir als G\u00e4ste neben B\u00fcrgermeister und B\u00fcrgervorsteherin und unsern Unterst\u00fctzern auch die Presse eingeladen, die einige Artikel ver\u00f6ffentlicht haben. Die Online-Ausgabe der Kieler Nachrichten berichtete: <a href=\"https:\/\/wohnprojektbadbramstedt.de\/wp-content\/uploads\/2012\/02\/KN-3.05.17-Haus-an-den-Auen-feierte-in-Bad-Bramstedt-Richtfest-1.pdf\">KN 3.05.17 Haus an den Auen feierte in Bad Bramstedt Richtfest<\/a><a href=\"https:\/\/wohnprojektbadbramstedt.de\/wp-content\/uploads\/2012\/02\/KN-3.05.17-Haus-an-den-Auen-feierte-in-Bad-Bramstedt-Richtfest.pdf\">; <\/a>am n\u00e4chsten Tag folgte die Segeberger Zeitung mit einem langen Artikel: <a href=\"https:\/\/wohnprojektbadbramstedt.de\/wp-content\/uploads\/2012\/02\/SZ-04.05.2017-Wohnprojekt-geht-in-die-letzte-Phase.pdf\">SZ 04.05.2017 Wohnprojekt geht in die letzte Phase. <\/a>Auch die Anzeigenbl\u00e4tter brachten umfangreiche Artikel: <a href=\"https:\/\/wohnprojektbadbramstedt.de\/wp-content\/uploads\/2012\/02\/Anzeiger-6.05.17-Richtfest-f\u00fcr-das-Wohnprojekt-Das-Haus-an-den-Auen-nimmt-Gestalt-an.pdf\">Anzeiger 6.05.17 Richtfest f\u00fcr das Wohnprojekt &#8211; Das Haus an den Auen nimmt Gestalt an<\/a> sowie <a href=\"https:\/\/wohnprojektbadbramstedt.de\/wp-content\/uploads\/2012\/02\/Umschau-10.05.17-Richtfest-f\u00fcr-ein-ganz-besonderes-Wohnprojekt.pdf\">Umschau 10.05.17 Richtfest f\u00fcr ein ganz besonderes Wohnprojekt<\/a>. Unser Projektentwicker Stattbau berichtete in seinem Newsletter \u00fcber das Richtfest: <a href=\"https:\/\/wohnprojektbadbramstedt.de\/wp-content\/uploads\/2012\/02\/Stattbau-Newsletter_36_Juli_2017.pdf\">Stattbau Newsletter_36_Juli_2017.<\/a><\/p>\n<p>Mehrere Redakteure waren zur Grundsteinlegung am 9.12.16 gekommen. Die Segeberger Zeitung berichtete am 10.12.16 mit der \u00dcberschrift: &#8222;Gemeinsam alt werden an den Auen &#8211; Bauprojekt auf Genossenschaftsbasis am Eingang des Kurgebietes lief an \u2013 22 Wohnungen entstehen&#8220; \u00fcber unsere Grundsteinlegung: <a href=\"https:\/\/wohnprojektbadbramstedt.de\/wp-content\/uploads\/2012\/02\/SZ-10.12.16-Gemeinsam-alt-werden-an-den-Auen.pdf\">SZ 10.12.16 Gemeinsam alt werden an den Auen. <\/a>Im Nordexpress erschien am 14.12.16 folgender Artikel: <a href=\"https:\/\/wohnprojektbadbramstedt.de\/wp-content\/uploads\/2012\/02\/Nordexpress-14.12.16-Grundsteinlegung-f\u00fcr-eine-gute-Gemeinschaft.pdf\">Nordexpress 14.12.16 Grundsteinlegung f\u00fcr eine gute Gemeinschaft. <\/a>In der Umschau erschien am 4.01.17 ein Artikel: <a href=\"https:\/\/wohnprojektbadbramstedt.de\/wp-content\/uploads\/2012\/02\/Umschau-4.01.17-Grundstein-f\u00fcr-Haus-an-den-Auen-gelegt.pdf\">Umschau 4.01.17 Grundstein f\u00fcr Haus an den Auen gelegt. <\/a>Im Anzeiger erschien folgender Artikel: <a href=\"https:\/\/wohnprojektbadbramstedt.de\/wp-content\/uploads\/2012\/02\/Anzeiger-7.01.17-Leben-in-guter-Nachbarschaft.pdf\">Anzeiger 7.01.17 Leben in guter Nachbarschaft<\/a><\/p>\n<p>\u00dcber den Grundst\u00fcckskauf berichtet die Beilage Norderstedt des Hamburger Abendblatts am 11.07.16 mit der \u00dcberschrift &#8222;Wohnprojekt kauft das Grundst\u00fcck &#8222;Haus an den Auen&#8220;:<br \/>\n<a href=\"https:\/\/wohnprojektbadbramstedt.de\/wp-content\/uploads\/2012\/02\/HA-11.7.16-Beilage-Norderstedt-Wohnprojekt-kauf-das-Grundst\u00fcck.pdf\">HA 11.7.16 Beilage Norderstedt Wohnprojekt kauf das Grundst\u00fcck<\/a>. Siehe dazu auch Beitrag auf unserer Internetseite:<a href=\"https:\/\/wohnprojektbadbramstedt.de\/?p=4483\" rel=\"bookmark\">Kaufvertrag f\u00fcr Grundst\u00fcck an den Auen beurkundet.\u00a0 <\/a>Die Umschau berichtet am 13.07.16 unter der \u00dcberschrift &#8222;Wohnprojekt kauft das &#8222;Haus-an-den-Auen-Gel\u00e4nde&#8220;: <a href=\"https:\/\/wohnprojektbadbramstedt.de\/wp-content\/uploads\/2012\/02\/Umschau-13.07.16-Wohnprojekt-kauft-das-Haus-an-den-Auen-Gel\u00e4nde.pdf\">Umschau 13.07.16 Wohnprojekt kauft das Haus-an-den-Auen-Gel\u00e4nde.<\/a><\/p>\n<p>Anl\u00e4sslich der Einreichung des Bauantrags im Dezember 2015 schrieb der Anzeiger: <a href=\"https:\/\/wohnprojektbadbramstedt.de\/wp-content\/uploads\/2012\/02\/Anzeiger-19.12.15-Wohnrojekt-Bauantrag-gestellt.pdf\" target=\"_blank\" rel=\"noopener noreferrer\">Anzeiger 19.12.15 Wohnprojekt:Bauantrag gestellt\u00a0 <\/a>und die Segeberger Zeitung:\u00a0<a href=\"https:\/\/wohnprojektbadbramstedt.de\/wp-content\/uploads\/2015\/12\/SZ-29.12.15-anders-wohnen-Baustart-im-M%C3%A4rz-1.pdf\" target=\"_blank\" rel=\"attachment wp-att-3761 noopener noreferrer\">SZ 29.12.15 anders wohnen Baustart im M\u00e4rz<\/a><\/p>\n<p>Zur Ank\u00fcndigung unserer Veranstaltung \u00fcber neue Wohnformen in Bad Bramstedt (vgl. <a href=\"https:\/\/wohnprojektbadbramstedt.de\/?p=3062\">Blogbeitrag<\/a>) erschienen mehrere kleine Artikel in der lokalen Presse:\u00a0<a href=\"https:\/\/wohnprojektbadbramstedt.de\/wp-content\/uploads\/2012\/02\/SZ-19.05.2015-Anders-Wohnen-stellt-sich-vor.pdf\">SZ 19.05.2015 Anders Wohnen stellt sich vor<\/a>; <a href=\"https:\/\/wohnprojektbadbramstedt.de\/wp-content\/uploads\/2015\/05\/Nordexpress-20.05.15-Diskussion-\u00fcber-Wohnprojekt.pdf\">Nordexpress 20.05.15 Diskussion \u00fcber Wohnprojekt<\/a>;\u00a0 <a href=\"https:\/\/wohnprojektbadbramstedt.de\/wp-content\/uploads\/2015\/05\/Anzeiger-23.05.15-Infos-zum-Wohnprojekt.pdf\">Anzeiger 23.05.15 Infos zum Wohnprojekt<\/a>; <a href=\"https:\/\/wohnprojektbadbramstedt.de\/wp-content\/uploads\/2015\/05\/Umschau-20.05.15-Wohnprojekt-Bad-Bramstedt-Anders-wohnen-gemeinsam-leben.pdf\">Umschau 20.05.15 Wohnprojekt Bad Bramstedt Anders wohnen &#8211; gemeinsam leben<\/a>.<\/p>\n<p>Zur Markierung der Baufl\u00e4chen hatten wir am 2.05.15 eine \u00f6ffentliche Einladung ausgesprochen unter dem Motto&#8220; Wir schlagen Pfl\u00f6cke ein&#8220; , die vom Nordexpress am 29.04.15 abgedruckt wurde: <a href=\"https:\/\/wohnprojektbadbramstedt.de\/wp-content\/uploads\/2012\/02\/Nordexpress-29.04.15-Baufl\u00e4che-markieren.pdf\">Nordexpress 29.04.15 Baufl\u00e4che markieren<\/a>. Der Anzeiger k\u00fcndigte die Aktion ebenfalls an: <a href=\"https:\/\/wohnprojektbadbramstedt.de\/wp-content\/uploads\/2015\/05\/Anzeiger-2.05.15-Wohnprojekt-Initiative-schl\u00e4gt-Pfl\u00f6cke-ein.pdf\">Anzeiger 2.05.15 Wohnprojekt-Initiative schl\u00e4gt Pfl\u00f6cke ein. <\/a>Auch die Segeberger Zeitung brachte einen kleinen Artikel: <a href=\"https:\/\/wohnprojektbadbramstedt.de\/wp-content\/uploads\/2015\/05\/SZ-28.04.15-Wohnrojekt-stellt-sich-vor.pdf\">SZ 28.04.15 Wohnprojekt stellt sich vor<\/a>.<\/p>\n<p>Im GR\u00dcNZEUG, der Zeitung von B\u00fcndnis90\/DIE GR\u00dcNEN brachten wir im April 2015 einen Gastbeitrag zur Vorstellung unseres Wohnprojekt: <a href=\"https:\/\/wohnprojektbadbramstedt.de\/wp-content\/uploads\/2015\/05\/GR\u00dcNE-23.04.15-Gastbeitrag-anders-wohnen-gemeinsam-leben.pdf\">GR\u00dcNE 23.04.15 Gastbeitrag anders wohnen &#8211; gemeinsam leben<\/a><\/p>\n<p>Der Seniorenbeirat in Bad Bramstedt hatte uns eingeladen, \u00fcber Wohnen im Alter und unser Projekt zu referieren. Dazu erschien am 25.02.15 ein l\u00e4ngerer Artikel in der Umschau: \u00a0 <a href=\"https:\/\/wohnprojektbadbramstedt.de\/wp-content\/uploads\/2012\/02\/Umschau-25.02.15-Das-Wohnprojekt-bad-Bramstedt-stellt-sich-vor.pdf\">Umschau 25.02.15 Das Wohnprojekt bad Bramstedt stellt sich vor<\/a>.<\/p>\n<p>\u00dcber eine Veranstaltung mit Henning Scherf zum Thema &#8222;Die Alten wollen mitmachen&#8220; berichtete das Hamburger Abendblatt, Beilage Norderstedt am 19.02.15. In der gleichen Ausgabe war ein kurzer Artikel \u00fcber unser Wohnprojekt: <a href=\"https:\/\/wohnprojektbadbramstedt.de\/wp-content\/uploads\/2012\/02\/HA-Norderstedt-19.02.15-Genossen-suchen-Bewohner-f\u00fcr-Wohnprojekt.pdf\">HA Norderstedt 19.02.15 Genossen suchen Bewohner f\u00fcr Wohnprojekt<\/a><\/p>\n<p>Aus Anlass des beginnenden Abrisses des alten Hauses an den Auen kam unser Projekt am 7.1.2015 auf die Titelseite der Segeberger Zeitung: <a href=\"https:\/\/wohnprojektbadbramstedt.de\/wp-content\/uploads\/2012\/02\/SZ-07.01.15-Abrissbagger-beendet-ein-St\u00fcck-Klinikgeschichte-1.pdf\">SZ 07.01.15 Abrissbagger beendet ein St\u00fcck Klinikgeschichte (1)<\/a>. Im folgenden Artikel wurde ausf\u00fchrlich \u00fcber den derzeitigen Projektstand berichtet: <a href=\"https:\/\/wohnprojektbadbramstedt.de\/wp-content\/uploads\/2012\/02\/SZ-07.01.15-Abrissbagger-beendet-ein-St\u00fcck-Klinikgeschichte-2.pdf\">SZ 07.01.15 Abrissbagger beendet ein St\u00fcck Klinikgeschichte (2)<\/a><\/p>\n<p>&#8222;Anders und gemeinsam wohnen&#8220; betitelte der Nordexpress am 30.7.14 einen Artikel \u00fcber den Stand des Wohnprojekts: <a href=\"https:\/\/wohnprojektbadbramstedt.de\/wp-content\/uploads\/2012\/02\/Nordexpress-30.7.14-Anders-und-gemeinsam-wohnen.pdf\">Nordexpress 30.7.14 Anders und gemeinsam wohnen<\/a><\/p>\n<p>&#8222;Wunsch nach Gemeinsamkeit w\u00e4chst&#8220; stellte das Hamburger Abendblatt am 26.7.2014 in seiner Regionalbeilage Norderstedter Zeitung fest und berichtete \u00fcber verschiedene nachbarschaftliche Wohnprojekte in der Region. Susanne Rosenzweig hatte Gelegenheit, unser Projekt ausf\u00fchrlich vorzustellen: <a href=\"https:\/\/wohnprojektbadbramstedt.de\/wp-content\/uploads\/2012\/02\/HA-NZ-26.7.2014-Wunsch-nach-Gemeinsamkeit-w\u00e4chst-immer-mehr-Menschen-starten-nachbarschaftliche-Wohnprojekte-in-der-Region.pdf\">HA NZ 26.7.2014 Wunsch nach Gemeinsamkeit w\u00e4chst &#8211; immer mehr Menschen starten nachbarschaftliche Wohnprojekte in der Region<\/a><\/p>\n<p>Zur Verabschiedung des neuen Bebauungsplan 53 &#8222;Grundst\u00fcck Haus an den Auen&#8220; ver\u00f6ffentlichte die Segeberger Zeitung am 25.7.14 einen gr\u00f6\u00dferen Artikel\u00a0 mit der \u00dcberschrift &#8222;Projekt &#8218;Anders wohnen&#8216; geht auf die Zielgerade &#8211; Langwieriges Bauleitverfahren endlich abgeschlossen. Mehrgenerationenhaus soll 2016 gebaut werden&#8220;: <a href=\"https:\/\/wohnprojektbadbramstedt.de\/wp-content\/uploads\/2012\/02\/SZ-25.7.14-Projekt-anders-wohnen-geht-auf-die-Zielgerade.pdf\">SZ 25.7.14 Projekt anders wohnen geht auf die Zielgerade<\/a><\/p>\n<p>Die evangelische Kirchengemeinde gab uns die M\u00f6glichkeit, unser Wohnprojekt ganzseitig im Gemeindebrief 6-9\/2014 vorzustellen, der an alle Haushalte in Bad Bramstedt verteilt wird: <a href=\"https:\/\/wohnprojektbadbramstedt.de\/wp-content\/uploads\/2012\/02\/ev-luth.-Gemeindebrief-6-9_2014-Anders-wohnen-gemeinsam-leben.pdf\">ev-luth. Gemeindebrief 6-9_2014 Anders wohnen &#8211; gemeinsam leben<\/a><\/p>\n<p>Die Segeberger Zeitung ver\u00f6ffentlichte am 21.3.14 einen gr\u00f6\u00dferen Artikel \u00fcber den Stand unseres Wohnprojekts und die Suche nach weiteren Mitbewohnern, insbesondere Familien: <a href=\"https:\/\/wohnprojektbadbramstedt.de\/wp-content\/uploads\/2012\/02\/SZ-21.3.14-Mitbewohner-gesucht.pdf\">SZ 21.3.14 Mitbewohner gesucht. <\/a>Ein Artikel mit der gleichen \u00dcberschrift erschien im Nordexpress am 26.3.14: <a href=\"https:\/\/wohnprojektbadbramstedt.de\/wp-content\/uploads\/2012\/02\/Nordexpress-26.3.14-Mitbewohner-gesucht.pdf\">Nordexpress 26.3.14 Mitbewohner gesucht<\/a><\/p>\n<p>\u00dcber den geplanten Info-Stand auf dem Fr\u00fchlingsfest im Foyer der Raiffeisenbank erschienen\u00a0 kleinere Artikel im Nordexpress am 19.3.14: <a href=\"https:\/\/wohnprojektbadbramstedt.de\/wp-content\/uploads\/2012\/02\/Nordexpress-19.3.14-Information-und-Unterhaltung.pdf\">Nordexpress 19.3.14 Information und Unterhaltung<\/a> und im Anzeiger am 22.3.14 : <a href=\"https:\/\/wohnprojektbadbramstedt.de\/wp-content\/uploads\/2012\/02\/Anzeiger-22.3.14-Tolles-Programm-bei-der-RaiBa.pdf\">Anzeiger 22.3.14 Tolles Programm bei der RaiBa<\/a><\/p>\n<p>Der Anzeiger berichtet am 15.3.14 mit der \u00dcberschrift &#8222;Anders wohnen &#8211; gemeinsam leben&#8220; \u00fcber unsere Aktivit\u00e4ten zur \u00d6ffentlichkeitsarbeit (Flohmarkt der Familienbildungsst\u00e4tte und Fr\u00fchlingsfest des BVV): <a href=\"https:\/\/wohnprojektbadbramstedt.de\/wp-content\/uploads\/2012\/02\/Anzeiger-15.3.14-Mitmachen.pdf\" target=\"_blank\" rel=\"noopener noreferrer\">Anzeiger 15.3.14 Mitmachen<\/a><\/p>\n<p>Mit der \u00dcberschrift <a href=\"https:\/\/wohnprojektbadbramstedt.de\/wp-content\/uploads\/2013\/11\/SZ-27.11.13-Neue-H%C3%BCrden-f%C3%BCr-Generationenhaus.pdf\" target=\"_blank\" rel=\"noopener noreferrer\">&#8222;Immer neue H\u00fcrden f\u00fcr das Generationenhaus&#8220;<\/a> berichtete die Segeberger Zeitung am 27.11.13 \u00fcber neue Einw\u00e4nde und Bedenken, die im Planungsausschuss von Vertretern der SPD eingebracht wurden.<\/p>\n<p>In einem Artikel der Segeberger Zeitung vom 3.10.13 wurde \u00fcber die Planungen des Klinikums Bad Bramstedt berichtet, u.a. auch \u00fcber den geplanten <a href=\"https:\/\/wohnprojektbadbramstedt.de\/wp-content\/uploads\/2013\/10\/SZ-5.10.13-Das-KBB-modernisiert-H%C3%A4user-und-Konzern.pdf\" target=\"_blank\" rel=\"noopener noreferrer\">Verkauf des Grundst\u00fccks &#8222;Haus an den Auen&#8220;<\/a> an unsere Initiative.<\/p>\n<p>Unter der \u00dcberschrift &#8220; <a href=\"https:\/\/wohnprojektbadbramstedt.de\/wp-content\/uploads\/2013\/07\/HA-NZ-28.7.13-Neue-Option-f%C3%BCrs-Leben-im-Alter.pdf\" target=\"_blank\" rel=\"noopener noreferrer\">Neue Option f\u00fcrs Leben im Alter<\/a>&#8220; berichtete das Hamburger Abendblatt am 29.7.2013 in seiner Regionalbeilage Norderstedter Zeitung ausf\u00fchrlich \u00fcber unser Wohnprojekt.<\/p>\n<p>Die Vorstellung des Konzepts der Architekten Mumm und Partner war der Segeberger Zeitung am 17.7.13 einen l\u00e4ngeren Artikel unter der \u00dcberschrift &#8222;<a href=\"https:\/\/wohnprojektbadbramstedt.de\/wp-content\/uploads\/2013\/07\/SZ-17.7.13-Wohnprojekt-bekommt-Konturen_2.pdf\" target=\"_blank\" rel=\"noopener noreferrer\">Wohnprojekt bekommt Konturen<\/a>&#8220; wert.<\/p>\n<p>Anl\u00e4sslich einer Baustellen-Tour des B\u00fcrger- und Verkehrsvereins stellten wir vor Ort unsere Pl\u00e4ne f\u00fcr das Wohnprojekt vor. Die <a href=\"https:\/\/wohnprojektbadbramstedt.de\/wp-content\/uploads\/2013\/07\/BB-Umschau-17.7.13-BVV-Mitglieder-auf-Baustellen-Tour.pdf\" target=\"_blank\" rel=\"noopener noreferrer\">Bad Bramstedter Rundschau <\/a>berichtete dar\u00fcber am 17.7.13.<\/p>\n<p>Die Segeberger Zeitung berichtete \u00fcber unsere erste \u00f6ffentliche Veranstaltung am 26.5.13 mit der \u00dcberschrift &#8222;<a href=\"https:\/\/wohnprojektbadbramstedt.de\/wp-content\/uploads\/2013\/07\/SZ-30.5.13-Generationenhaus-soll-2015-stehen.pdf\" target=\"_blank\" rel=\"noopener noreferrer\">Generationenhaus soll 2015 stehen<\/a>&#8222;.<\/p>\n<p>Im Vorlauf zu unserer ersten \u00f6ffentlichen Veranstaltung am 26.5.13 berichten die Lokalbeilage des <a href=\"https:\/\/wohnprojektbadbramstedt.de\/wp-content\/uploads\/2013\/05\/HA-21.5.13-Beilage-Norderstedt-Neues-Wohnprojekt-stellt-sich-vor.pdf\" target=\"_blank\" rel=\"noopener noreferrer\">Hamburger Abendblatts<\/a>, der <a href=\"https:\/\/wohnprojektbadbramstedt.de\/wp-content\/uploads\/2013\/05\/Nordexpress-22.5.13-Neues-Wohnprojekt-stellt-sich-vor.pdf\" target=\"_blank\" rel=\"noopener noreferrer\">Nordexpress <\/a>und der <a href=\"https:\/\/wohnprojektbadbramstedt.de\/wp-content\/uploads\/2013\/05\/Anzeiger-22.5.13-Haus-an-den-Auen-Anders-wohnen-gemeinsam-leben.pdf\" target=\"_blank\" rel=\"noopener noreferrer\">Anzeiger<\/a> z.T. in gro\u00dfen Artikeln.<\/p>\n<p>\u00dcber die Entscheidung des Hauptausschusses, den Entwurf eines st\u00e4dtebaulichen Vertrags zu billigen, berichtete die Segeberger Zeitung am 6.4.2013 unter der \u00dcberschrift &#8222;<a href=\"https:\/\/wohnprojektbadbramstedt.de\/wp-content\/uploads\/2013\/04\/SZ-6_4_13-Generationenhaus-nimmt-eine-weitere-H%C3%BCrdet.pdf\" target=\"_blank\" rel=\"noopener noreferrer\">Generationenhaus nimmt die n\u00e4chste H\u00fcrde&#8220;<\/a>.<\/p>\n<p>Nachdem wir im M\u00e4rz 2013 auf unserer Internet-Seite berichtet hatten, dass wir im Mai eine erste Informationsveranstaltung planen, in dem wir allen Interessierten das Grundst\u00fcck und unsere \u00dcberlegungen zum baulichen Entwurf, zur Finanzierung, Gesellschaftsform und Kosten vorstellen wollen, gab uns auch das\u00a0 Stadtmagazin in der Ausgabe 04\/13 die Gelegenheit, \u00fcber das Projekt als Titelgeschichte <a href=\"https:\/\/wohnprojektbadbramstedt.de\/wp-content\/uploads\/2013\/04\/SM-BB-04_13-Alle-unter-einem-Dach-Das-Haus-der-Generationen-wird-vorgestellt.pdf\" target=\"_blank\" rel=\"noopener noreferrer\">&#8222;Alle unter einem Dach &#8211; Das Haus der Generationen wird jetzt vorgestellt&#8220;<\/a> zu\u00a0 berichten.<\/p>\n<p>Die Ergebnisse der Planungsausschussitzung werden am 29.1.2013 in der Segeberger Zeitung unter der \u00dcberschrift: &#8222;<a title=\"SZ 29.1.2013\" href=\"https:\/\/wohnprojektbadbramstedt.de\/wp-content\/uploads\/2013\/01\/sz-29-1-13-einstimmig-fc3bcr-mehrgenerationenhaus.pdf\" target=\"_blank\" rel=\"noopener noreferrer\">Einstimmig f\u00fcr das Mehrgenerationenhaus &#8211; Durchbruch geschafft: Nach zehn Jahren kann konkret geplant werden<\/a>&#8220; berichtet.<\/p>\n<p>Im Vorwege der Sitzung des Planungsauschusses bringt die SPD Bedenken gegen die (allerdings nicht mehr aktuelle ) Planung. Dies wird am 18.1.2013 in der Segeberger Zeitung mit der \u00dcberschrift &#8222;<a title=\"SPD Stellungnahme\" href=\"https:\/\/wohnprojektbadbramstedt.de\/wp-content\/uploads\/2013\/01\/sz-18_1_13-spd-auen-haben-vorrang.pdf\" target=\"_blank\" rel=\"noopener noreferrer\">SPD: Auen haben Vorrang<\/a>&#8220; berichtet.<\/p>\n<p>Am 16.1.2013 schrieb die Segeberger Zeitung unter der \u00dcberschrift &#8222;<a title=\"Bedenken der Naturschutzbeh\u00f6rde ausger\u00e4umt\" href=\"https:\/\/wohnprojektbadbramstedt.de\/wp-content\/uploads\/2013\/01\/sz-16_1_13-bedenken-der-naturschutzbehc3b6rde-ausgerc3a4umt.pdf\" target=\"_blank\" rel=\"noopener noreferrer\">Generationenhaus: Die Bedenken der Naturschutzbeh\u00f6rde wurden ausger\u00e4umt<\/a>&#8220; \u00fcber unsere Antrag an die Stadt zur Aufstellung eines vorhabenbezogenen Bebauungsplans.<\/p>\n<p>Am 17.7.2012 berichtete\u00a0 die Segeberger Zeitung unter der \u00dcberschrift &#8222;<a title=\"Pl\u00e4ne kommen nur schwer voran\" href=\"https:\/\/wohnprojektbadbramstedt.de\/wp-content\/uploads\/2012\/07\/sz-17_7_12-plc3a4ne-fc3bcr-generationenprojekt-kommen-nur-schwer-voran.pdf\" target=\"_blank\" rel=\"noopener noreferrer\">Pl\u00e4ne f\u00fcr Generationenprojekt kommen nur schwer voran<\/a>&#8220; \u00fcber die Verz\u00f6gerungen, die sich aus den schwierigen planungsrechtlichen Fragen und der sehr langsamen Bearbeitung durch die Kreisverwaltung ergeben.<\/p>\n<p>Am 26.1.2012 berichtete\u00a0 die Segeberger Zeitung unter der \u00dcberschrift <a title=\"Generationenprojekt\" href=\"https:\/\/wohnprojektbadbramstedt.de\/wp-content\/uploads\/2012\/02\/sz-26-1-2012-haus-an-den-auen-soll-einem-generationenprojekt-weichen.pdf\" target=\"_blank\" rel=\"noopener noreferrer\">&#8222;Haus an den Auen soll einem Generationenprojekt weichen<\/a>&#8220; anl\u00e4sslich der Diskussion unserer Bauvoranfrage im Planungsausschuss \u00fcber unser Ideen und die Planungen f\u00fcr diesen Standort.<\/p>\n<p>Am 10.3.2011 berichtete\u00a0 die Segeberger Zeitung unter der \u00dcberschrift\u00a0&#8222;<a title=\"Lebenshilfe plant Wohnprojekt\" href=\"https:\/\/wohnprojektbadbramstedt.de\/wp-content\/uploads\/2012\/02\/sz_10_3_11-lebenshilfe-plant-wohnprojekt.pdf\" target=\"_blank\" rel=\"noopener noreferrer\">Lebenshilfe plant Wohnprojekt<\/a> f\u00fcr behinderte Menschen &#8211; Intensive Zusammenarbeit mit Bad Bramstedter Interessengruppe f\u00fcr alternatives Wohnen&#8220; von der Jahresversammlung der Lebenshilfe, bei der sich auch unsere Initiative vorstellte.<\/p>\n<p>Am 26.2.2011 berichtete\u00a0 die Segeberger Zeitung unter der \u00dcberschrift\u00a0<a title=\"Wohnen nach dem Ende des Berufslebens\" href=\"https:\/\/wohnprojektbadbramstedt.de\/wp-content\/uploads\/2012\/02\/sz_26_2_11_wohnen-nach-dem-ende-des-berufslebens.pdf\" target=\"_blank\" rel=\"noopener noreferrer\">&#8222;Wohnen nach dem Ende des Berufslebens&#8220;<\/a> erstmalig \u00fcber unsere Initiative, unsere konzeptionellen Vorstellungen zu Gruppe, Bauformen und Kooperationen. Damals war noch ein anderes Grundst\u00fcck im Gespr\u00e4ch, was zu diesem Zeitpunkt dann aber planungsrechtlich nicht in Frage kam.<\/p>\n","protected":false},"excerpt":{"rendered":"<p>Unser Projekt findet seit Anfang 2011 immer wieder eine interessierte\u00a0 Resonanz in der regionalen und \u00fcberregionalen Presse: Am 12.10.25 fand unser Hobby- Kunst- und Handwerkmarkt statt. Der Anzeiger und die Segeberger Zeitung ver\u00f6ffentlichten unsere Ank\u00fcndigung. Auch im Veranstaltungsprogramm\u00a0 des Stadtmarketings &hellip; <a href=\"https:\/\/wohnprojektbadbramstedt.de\/?page_id=17\">Weiterlesen <span class=\"meta-nav\">&rarr;<\/span><\/a><\/p>\n","protected":false},"author":1,"featured_media":0,"parent":0,"menu_order":200,"comment_status":"closed","ping_status":"closed","template":"","meta":{"footnotes":""},"class_list":["post-17","page","type-page","status-publish","hentry"],"_links":{"self":[{"href":"https:\/\/wohnprojektbadbramstedt.de\/index.php?rest_route=\/wp\/v2\/pages\/17","targetHints":{"allow":["GET"]}}],"collection":[{"href":"https:\/\/wohnprojektbadbramstedt.de\/index.php?rest_route=\/wp\/v2\/pages"}],"about":[{"href":"https:\/\/wohnprojektbadbramstedt.de\/index.php?rest_route=\/wp\/v2\/types\/page"}],"author":[{"embeddable":true,"href":"https:\/\/wohnprojektbadbramstedt.de\/index.php?rest_route=\/wp\/v2\/users\/1"}],"replies":[{"embeddable":true,"href":"https:\/\/wohnprojektbadbramstedt.de\/index.php?rest_route=%2Fwp%2Fv2%2Fcomments&post=17"}],"version-history":[{"count":116,"href":"https:\/\/wohnprojektbadbramstedt.de\/index.php?rest_route=\/wp\/v2\/pages\/17\/revisions"}],"predecessor-version":[{"id":11200,"href":"https:\/\/wohnprojektbadbramstedt.de\/index.php?rest_route=\/wp\/v2\/pages\/17\/revisions\/11200"}],"wp:attachment":[{"href":"https:\/\/wohnprojektbadbramstedt.de\/index.php?rest_route=%2Fwp%2Fv2%2Fmedia&parent=17"}],"curies":[{"name":"wp","href":"https:\/\/api.w.org\/{rel}","templated":true}]}}